{"id":22999,"date":"2024-07-11T17:02:49","date_gmt":"2024-07-11T16:02:49","guid":{"rendered":"https:\/\/praxistrade.eu\/product\/couvre-lit-en-lin-linas\/"},"modified":"2024-07-14T16:56:20","modified_gmt":"2024-07-14T15:56:20","slug":"couvre-lit-en-lin-linas","status":"publish","type":"product","link":"https:\/\/praxistrade.eu\/fr\/produit\/couvre-lit-en-lin-linas\/","title":{"rendered":"Couvre-lit en lin LINAS"},"content":{"rendered":"<ul class=\"a-unordered-list a-vertical a-spacing-mini\">\n<li class=\"a-spacing-mini\">LUXE DURABLE : Fabriqu\u00e9 \u00e0 partir d&rsquo;un m\u00e9lange \u00e9cologique de lin lav\u00e9 et de fils recycl\u00e9s, ce couvre-lit de qualit\u00e9 sup\u00e9rieure offre non seulement un confort exceptionnel, mais prot\u00e8ge \u00e9galement notre plan\u00e8te. Parfait pour les foyers soucieux de l&rsquo;environnement, il allie durabilit\u00e9 et \u00e9l\u00e9gance.<\/li>\n<li class=\"a-spacing-mini\">Ludique et \u00e9l\u00e9gante : orn\u00e9e de franges joyeuses de 5 cm de long sur les petits c\u00f4t\u00e9s, cette couette apporte de la l\u00e9g\u00e8ret\u00e9 et une touche ludique \u00e0 votre chambre ou \u00e0 votre salon.<\/li>\n<li class=\"a-spacing-mini\">DESIGN D&rsquo;ESPACE HARMONIQUE : Avec sa couleur verte attrayante, ce couvre-lit s&rsquo;int\u00e8gre parfaitement dans les int\u00e9rieurs aux couleurs similaires, pastel ou neutres. C&rsquo;est un \u00e9l\u00e9ment merveilleux pour ajouter une touche de design scandinave et de boho chic \u00e0 votre int\u00e9rieur.<\/li>\n<li class=\"a-spacing-mini\">Qualit\u00e9 certifi\u00e9e : cette couverture de canap\u00e9 ne se contente pas d&rsquo;attirer l&rsquo;attention, elle r\u00e9pond \u00e9galement aux normes les plus strictes &#8211; elle est certifi\u00e9e Oeko-Tex Standard 100 et GRS. Cela garantit qu&rsquo;il est exempt de substances nocives et qu&rsquo;il a \u00e9t\u00e9 fabriqu\u00e9 dans des conditions \u00e9quitables.<\/li>\n<li class=\"a-spacing-mini\">Grandes dimensions : avec une taille de 136 x 180 cm, la couverture offre beaucoup d&rsquo;espace pour le confort. Qu&rsquo;il s&rsquo;agisse d&rsquo;un plaid pour le canap\u00e9 ou le lit, il offre suffisamment d&rsquo;espace pour vous envelopper et vous sentir \u00e0 l&rsquo;aise.<\/li>\n<li class=\"a-spacing-mini\">Polyvalente : cette couverture n&rsquo;est pas seulement un enrichissement pour votre lit ou votre canap\u00e9, elle est aussi id\u00e9ale comme jet\u00e9 pour les soir\u00e9es fra\u00eeches, comme couverture de pique-nique \u00e9l\u00e9gante ou comme couverture douillette. Un v\u00e9ritable multitalent dans votre maison.<\/li>\n<li class=\"a-spacing-mini\">DESIGN UNIQUE : Le style scandinave rencontre le style boh\u00e8me &#8211; ce couvre-lit combine le meilleur des deux mondes. Leur design unique en fait un \u00e9l\u00e9ment d\u00e9coratif exceptionnel qui apporte confort et style \u00e0 votre int\u00e9rieur.<\/li>\n<li class=\"a-spacing-mini\">LE CADEAU PARFAIT : un emballage \u00e9l\u00e9gant dans une bo\u00eete confortable fait de ce couvre-lit le cadeau id\u00e9al pour vos amis et votre famille Surprenez votre bien-aim\u00e9(e) avec ce cadeau de haute qualit\u00e9, \u00e9l\u00e9gant et pratique.<\/li>\n<li class=\"a-spacing-mini\">RESPIRANT ET DOUX : la combinaison de lin et de fils recycl\u00e9s permet d&rsquo;obtenir une couverture respirante et douce \u00e0 la fois, adapt\u00e9e \u00e0 toutes les saisons. Profitez du confort que vous m\u00e9ritez avec une couverture qui vous accompagnera tout au long de l&rsquo;ann\u00e9e<br \/>\nUn entretien facile pour une beaut\u00e9 durable : ce couvre-lit n&rsquo;est pas seulement un atout visuel, il est \u00e9galement facile \u00e0 entretenir et conserve sa beaut\u00e9 et sa douceur pendant de nombreuses ann\u00e9es. Un accessoire \u00e0 la fois pratique et luxueux qui illuminera votre int\u00e9rieur.<\/li>\n<\/ul>\n","protected":false},"excerpt":{"rendered":"<p>Couette de qualit\u00e9 sup\u00e9rieure, plaid Boho, plaid de canap\u00e9 au design scandinave, plaid de canap\u00e9 pour le canap\u00e9 et le lit, plaid de canap\u00e9, plaid respirant, plaid<\/p>\n","protected":false},"featured_media":21528,"comment_status":"open","ping_status":"closed","template":"","meta":[],"product_brand":[],"product_cat":[1078],"product_tag":[],"class_list":{"0":"post-22999","1":"product","2":"type-product","3":"status-publish","4":"has-post-thumbnail","6":"product_cat-maison-et-voiture","8":"first","9":"instock","10":"shipping-taxable","11":"purchasable","12":"product-type-variable"},"_links":{"self":[{"href":"https:\/\/praxistrade.eu\/fr\/wp-json\/wp\/v2\/product\/22999","targetHints":{"allow":["GET"]}}],"collection":[{"href":"https:\/\/praxistrade.eu\/fr\/wp-json\/wp\/v2\/product"}],"about":[{"href":"https:\/\/praxistrade.eu\/fr\/wp-json\/wp\/v2\/types\/product"}],"replies":[{"embeddable":true,"href":"https:\/\/praxistrade.eu\/fr\/wp-json\/wp\/v2\/comments?post=22999"}],"wp:featuredmedia":[{"embeddable":true,"href":"https:\/\/praxistrade.eu\/fr\/wp-json\/wp\/v2\/media\/21528"}],"wp:attachment":[{"href":"https:\/\/praxistrade.eu\/fr\/wp-json\/wp\/v2\/media?parent=22999"}],"wp:term":[{"taxonomy":"product_brand","embeddable":true,"href":"https:\/\/praxistrade.eu\/fr\/wp-json\/wp\/v2\/product_brand?post=22999"},{"taxonomy":"product_cat","embeddable":true,"href":"https:\/\/praxistrade.eu\/fr\/wp-json\/wp\/v2\/product_cat?post=22999"},{"taxonomy":"product_tag","embeddable":true,"href":"https:\/\/praxistrade.eu\/fr\/wp-json\/wp\/v2\/product_tag?post=22999"}],"curies":[{"name":"wp","href":"https:\/\/api.w.org\/{rel}","templated":true}]}}